{"version":"1.0","provider_name":"On!","provider_url":"https:\/\/on.eus\/fr\/","author_name":"ON!","author_url":"https:\/\/on.eus\/fr\/author\/info_pcac1wat\/","title":"L\u2019enqu\u00eate sociolinguistique : un thermom\u00e8tre de l\u2019euskara &#8226; On!","type":"rich","width":600,"height":338,"html":"<blockquote class=\"wp-embedded-content\" data-secret=\"iJpv5WUZgh\"><a href=\"https:\/\/on.eus\/fr\/lenquete-sociolinguistique-un-thermometre-de-leuskara\/\">L\u2019enqu\u00eate sociolinguistique : un thermom\u00e8tre de l\u2019euskara<\/a><\/blockquote><iframe sandbox=\"allow-scripts\" security=\"restricted\" src=\"https:\/\/on.eus\/fr\/lenquete-sociolinguistique-un-thermometre-de-leuskara\/embed\/#?secret=iJpv5WUZgh\" width=\"600\" height=\"338\" title=\"\u00ab\u00a0L\u2019enqu\u00eate sociolinguistique : un thermom\u00e8tre de l\u2019euskara\u00a0\u00bb &#8212; On!\" data-secret=\"iJpv5WUZgh\" frameborder=\"0\" marginwidth=\"0\" marginheight=\"0\" scrolling=\"no\" class=\"wp-embedded-content\"><\/iframe><script>\n\/*! This file is auto-generated *\/\n!function(d,l){\"use strict\";l.querySelector&&d.addEventListener&&\"undefined\"!=typeof URL&&(d.wp=d.wp||{},d.wp.receiveEmbedMessage||(d.wp.receiveEmbedMessage=function(e){var t=e.data;if((t||t.secret||t.message||t.value)&&!\/[^a-zA-Z0-9]\/.test(t.secret)){for(var s,r,n,a=l.querySelectorAll('iframe[data-secret=\"'+t.secret+'\"]'),o=l.querySelectorAll('blockquote[data-secret=\"'+t.secret+'\"]'),c=new RegExp(\"^https?:$\",\"i\"),i=0;i<o.length;i++)o[i].style.display=\"none\";for(i=0;i<a.length;i++)s=a[i],e.source===s.contentWindow&&(s.removeAttribute(\"style\"),\"height\"===t.message?(1e3<(r=parseInt(t.value,10))?r=1e3:~~r<200&&(r=200),s.height=r):\"link\"===t.message&&(r=new URL(s.getAttribute(\"src\")),n=new URL(t.value),c.test(n.protocol))&&n.host===r.host&&l.activeElement===s&&(d.top.location.href=t.value))}},d.addEventListener(\"message\",d.wp.receiveEmbedMessage,!1),l.addEventListener(\"DOMContentLoaded\",function(){for(var e,t,s=l.querySelectorAll(\"iframe.wp-embedded-content\"),r=0;r<s.length;r++)(t=(e=s[r]).getAttribute(\"data-secret\"))||(t=Math.random().toString(36).substring(2,12),e.src+=\"#?secret=\"+t,e.setAttribute(\"data-secret\",t)),e.contentWindow.postMessage({message:\"ready\",secret:t},\"*\")},!1)))}(window,document);\n\/\/# sourceURL=https:\/\/on.eus\/wp-includes\/js\/wp-embed.min.js\n<\/script>\n","thumbnail_url":"https:\/\/on.eus\/wp-content\/uploads\/2025\/09\/ON-euskara-inkesta.jpg","thumbnail_width":2500,"thumbnail_height":1250,"description":"L\u2019enqu\u00eate sociolinguistique est r\u00e9alis\u00e9e tous les 5 ans depuis 1991 sur l\u2019ensemble des territoires d\u2019expression de la langue basque, \u00e0 savoir : le territoire de la Communaut\u00e9 autonome d\u2019Euskadi, le territoire de la Navarre et le territoire du Pays Basque Nord. \u2192 Pourquoi une enqu\u00eate sociolinguistique\u00a0? Pour \u00e9tablir un \u00e9tat de situation de la vitalit\u00e9 [&hellip;]"}